{"id":7226,"date":"2025-04-04T15:23:36","date_gmt":"2025-04-04T15:23:36","guid":{"rendered":"https:\/\/wetumtum.pt\/festivalpapagaio\/?page_id=7226"},"modified":"2025-04-10T19:57:03","modified_gmt":"2025-04-10T19:57:03","slug":"musica-quentinha","status":"publish","type":"page","link":"https:\/\/wetumtum.pt\/festivalpapagaio\/musica-quentinha\/","title":{"rendered":"M\u00fasica Quentinha"},"content":{"rendered":"\t\t<div data-elementor-type=\"wp-page\" data-elementor-id=\"7226\" class=\"elementor elementor-7226\">\n\t\t\t\t\t\t<section class=\"elementor-section elementor-top-section elementor-element elementor-element-36b23200 elementor-section-stretched elementor-section-boxed elementor-section-height-default elementor-section-height-default\" data-id=\"36b23200\" data-element_type=\"section\" data-settings=\"{&quot;stretch_section&quot;:&quot;section-stretched&quot;}\">\n\t\t\t\t\t\t<div class=\"elementor-container elementor-column-gap-default\">\n\t\t\t\t\t<div class=\"elementor-column elementor-col-50 elementor-top-column elementor-element elementor-element-15fccc19\" data-id=\"15fccc19\" data-element_type=\"column\">\n\t\t\t<div class=\"elementor-widget-wrap\">\n\t\t\t\t\t\t\t<\/div>\n\t\t<\/div>\n\t\t\t\t<div class=\"elementor-column elementor-col-25 elementor-top-column elementor-element elementor-element-7208d586\" data-id=\"7208d586\" data-element_type=\"column\">\n\t\t\t<div class=\"elementor-widget-wrap elementor-element-populated\">\n\t\t\t\t\t\t<div class=\"elementor-element elementor-element-3860247d elementor-align-right elementor-widget elementor-widget-button\" data-id=\"3860247d\" data-element_type=\"widget\" data-widget_type=\"button.default\">\n\t\t\t\t<div class=\"elementor-widget-container\">\n\t\t\t\t\t\t\t\t\t<div class=\"elementor-button-wrapper\">\n\t\t\t\t\t<a class=\"elementor-button elementor-button-link elementor-size-sm\" href=\"https:\/\/wetumtum.pt\/festivalpapagaio\/3-de-maio-25\/\">\n\t\t\t\t\t\t<span class=\"elementor-button-content-wrapper\">\n\t\t\t\t\t\t\t\t\t<span class=\"elementor-button-text\">3 de maio<\/span>\n\t\t\t\t\t<\/span>\n\t\t\t\t\t<\/a>\n\t\t\t\t<\/div>\n\t\t\t\t\t\t\t\t<\/div>\n\t\t\t\t<\/div>\n\t\t\t\t\t<\/div>\n\t\t<\/div>\n\t\t\t\t<div class=\"elementor-column elementor-col-25 elementor-top-column elementor-element elementor-element-366174c1\" data-id=\"366174c1\" data-element_type=\"column\">\n\t\t\t<div class=\"elementor-widget-wrap elementor-element-populated\">\n\t\t\t\t\t\t<div class=\"elementor-element elementor-element-2382422e elementor-align-right elementor-widget elementor-widget-button\" data-id=\"2382422e\" data-element_type=\"widget\" data-widget_type=\"button.default\">\n\t\t\t\t<div class=\"elementor-widget-container\">\n\t\t\t\t\t\t\t\t\t<div class=\"elementor-button-wrapper\">\n\t\t\t\t\t<a class=\"elementor-button elementor-button-link elementor-size-sm\" href=\"https:\/\/wetumtum.pt\/festivalpapagaio\/4-de-maio-25\/\">\n\t\t\t\t\t\t<span class=\"elementor-button-content-wrapper\">\n\t\t\t\t\t\t\t\t\t<span class=\"elementor-button-text\">4 de maio<\/span>\n\t\t\t\t\t<\/span>\n\t\t\t\t\t<\/a>\n\t\t\t\t<\/div>\n\t\t\t\t\t\t\t\t<\/div>\n\t\t\t\t<\/div>\n\t\t\t\t\t<\/div>\n\t\t<\/div>\n\t\t\t\t\t<\/div>\n\t\t<\/section>\n\t\t\t\t<section class=\"elementor-section elementor-top-section elementor-element elementor-element-5f24976 elementor-section-stretched elementor-section-boxed elementor-section-height-default elementor-section-height-default\" data-id=\"5f24976\" data-element_type=\"section\" data-settings=\"{&quot;stretch_section&quot;:&quot;section-stretched&quot;,&quot;background_background&quot;:&quot;classic&quot;,&quot;shape_divider_top&quot;:&quot;triangle-asymmetrical&quot;,&quot;shape_divider_top_negative&quot;:&quot;yes&quot;,&quot;shape_divider_bottom&quot;:&quot;triangle-asymmetrical&quot;}\">\n\t\t\t\t\t<div class=\"elementor-shape elementor-shape-top\" data-negative=\"true\">\n\t\t\t<svg xmlns=\"http:\/\/www.w3.org\/2000\/svg\" viewBox=\"0 0 1000 100\" preserveAspectRatio=\"none\">\n\t<path class=\"elementor-shape-fill\" d=\"M737.9,94.7L0,0v100h1000V0L737.9,94.7z\"\/>\n<\/svg>\t\t<\/div>\n\t\t\t\t<div class=\"elementor-shape elementor-shape-bottom\" data-negative=\"false\">\n\t\t\t<svg xmlns=\"http:\/\/www.w3.org\/2000\/svg\" viewBox=\"0 0 1000 100\" preserveAspectRatio=\"none\">\n\t<path class=\"elementor-shape-fill\" d=\"M738,99l262-93V0H0v5.6L738,99z\"\/>\n<\/svg>\t\t<\/div>\n\t\t\t\t\t<div class=\"elementor-container elementor-column-gap-default\">\n\t\t\t\t\t<div class=\"elementor-column elementor-col-33 elementor-top-column elementor-element elementor-element-ee8d7ec elementor-invisible\" data-id=\"ee8d7ec\" data-element_type=\"column\" data-settings=\"{&quot;animation&quot;:&quot;fadeIn&quot;}\">\n\t\t\t<div class=\"elementor-widget-wrap elementor-element-populated\">\n\t\t\t\t\t\t<div class=\"elementor-element elementor-element-f7403c9 elementor-widget elementor-widget-spacer\" data-id=\"f7403c9\" data-element_type=\"widget\" data-widget_type=\"spacer.default\">\n\t\t\t\t<div class=\"elementor-widget-container\">\n\t\t\t\t\t\t\t<div class=\"elementor-spacer\">\n\t\t\t<div class=\"elementor-spacer-inner\"><\/div>\n\t\t<\/div>\n\t\t\t\t\t\t<\/div>\n\t\t\t\t<\/div>\n\t\t\t\t<div class=\"elementor-element elementor-element-e2b80ec e-transform elementor-hidden-tablet elementor-widget elementor-widget-image\" data-id=\"e2b80ec\" data-element_type=\"widget\" data-settings=\"{&quot;_transform_rotateZ_effect_mobile&quot;:{&quot;unit&quot;:&quot;px&quot;,&quot;size&quot;:90,&quot;sizes&quot;:[]},&quot;_transform_rotateZ_effect&quot;:{&quot;unit&quot;:&quot;px&quot;,&quot;size&quot;:&quot;&quot;,&quot;sizes&quot;:[]},&quot;_transform_rotateZ_effect_tablet&quot;:{&quot;unit&quot;:&quot;deg&quot;,&quot;size&quot;:&quot;&quot;,&quot;sizes&quot;:[]}}\" data-widget_type=\"image.default\">\n\t\t\t\t<div class=\"elementor-widget-container\">\n\t\t\t\t\t\t\t\t\t\t\t\t\t\t\t<img decoding=\"async\" src=\"https:\/\/wetumtum.pt\/festivalpapagaio\/wp-content\/uploads\/elementor\/thumbs\/espetaculo-r3uulq5h3vtpkuej76v5fe47p9j0ighnoebb68x5fc.png\" title=\"espetaculo\" alt=\"espetaculo\" loading=\"lazy\" \/>\t\t\t\t\t\t\t\t\t\t\t\t\t\t\t<\/div>\n\t\t\t\t<\/div>\n\t\t\t\t\t<\/div>\n\t\t<\/div>\n\t\t\t\t<div class=\"elementor-column elementor-col-33 elementor-top-column elementor-element elementor-element-5393360 elementor-invisible\" data-id=\"5393360\" data-element_type=\"column\" data-settings=\"{&quot;animation&quot;:&quot;fadeIn&quot;}\">\n\t\t\t<div class=\"elementor-widget-wrap elementor-element-populated\">\n\t\t\t\t\t\t<div class=\"elementor-element elementor-element-4c2458b elementor-widget elementor-widget-spacer\" data-id=\"4c2458b\" data-element_type=\"widget\" data-widget_type=\"spacer.default\">\n\t\t\t\t<div class=\"elementor-widget-container\">\n\t\t\t\t\t\t\t<div class=\"elementor-spacer\">\n\t\t\t<div class=\"elementor-spacer-inner\"><\/div>\n\t\t<\/div>\n\t\t\t\t\t\t<\/div>\n\t\t\t\t<\/div>\n\t\t\t\t<div class=\"elementor-element elementor-element-2aa40a6 elementor-widget elementor-widget-text-editor\" data-id=\"2aa40a6\" data-element_type=\"widget\" data-widget_type=\"text-editor.default\">\n\t\t\t\t<div class=\"elementor-widget-container\">\n\t\t\t\t\t\t\t\t\t<p><strong>P\u00fablico:<\/strong><br \/>Fam\u00edlias<\/p><p><b>Dia:<br \/><\/b>3 e 4 de Maio<\/p><p><strong>Dura\u00e7\u00e3o:<br \/><\/strong>Sess\u00f5es de 10 em 10 minutos<\/p><p><strong>Local:<br \/><\/strong>Museu, Vista Alegre<\/p><p><strong>Hor\u00e1rios:<br \/><\/strong>Das 10h \u00e0s 17h<\/p><p><strong>Bilhetes:<\/strong><br \/>Gratuito<\/p>\t\t\t\t\t\t\t\t<\/div>\n\t\t\t\t<\/div>\n\t\t\t\t\t<\/div>\n\t\t<\/div>\n\t\t\t\t<div class=\"elementor-column elementor-col-33 elementor-top-column elementor-element elementor-element-96f6a24\" data-id=\"96f6a24\" data-element_type=\"column\">\n\t\t\t<div class=\"elementor-widget-wrap elementor-element-populated\">\n\t\t\t\t\t\t<div class=\"elementor-element elementor-element-9579572 elementor-widget elementor-widget-spacer\" data-id=\"9579572\" data-element_type=\"widget\" data-widget_type=\"spacer.default\">\n\t\t\t\t<div class=\"elementor-widget-container\">\n\t\t\t\t\t\t\t<div class=\"elementor-spacer\">\n\t\t\t<div class=\"elementor-spacer-inner\"><\/div>\n\t\t<\/div>\n\t\t\t\t\t\t<\/div>\n\t\t\t\t<\/div>\n\t\t\t\t<div class=\"elementor-element elementor-element-00d1307 elementor-hidden-mobile elementor-hidden-desktop elementor-hidden-tablet elementor-widget elementor-widget-heading\" data-id=\"00d1307\" data-element_type=\"widget\" data-widget_type=\"heading.default\">\n\t\t\t\t<div class=\"elementor-widget-container\">\n\t\t\t\t\t<h2 class=\"elementor-heading-title elementor-size-default\">Baloi\u00e7ar<\/h2>\t\t\t\t<\/div>\n\t\t\t\t<\/div>\n\t\t\t\t<div class=\"elementor-element elementor-element-218cdd8 elementor-widget elementor-widget-text-editor\" data-id=\"218cdd8\" data-element_type=\"widget\" data-widget_type=\"text-editor.default\">\n\t\t\t\t<div class=\"elementor-widget-container\">\n\t\t\t\t\t\t\t\t\t<div>\n<div>\n<p dir=\"auto\">No ambiente singular de um antigo forno da F\u00e1brica de Porcelana da Vista Alegre, agora integrado no Museu, o vibrafone ressoa entre hist\u00f3ria e modernidade. Neste mini concerto a solo, crian\u00e7as e adultos poder\u00e3o contemplar e ser envolvidos pelas sonoridades cristalinas do vibrafone com tonalidades que se assemelham ao som da porcelana, numa dimens\u00e3o mais erudita. Uma experi\u00eancia \u00edntima e envolvente, onde a m\u00fasica dialoga com a mem\u00f3ria do espa\u00e7o.<\/p>\n<\/div>\n<\/div>\t\t\t\t\t\t\t\t<\/div>\n\t\t\t\t<\/div>\n\t\t\t\t<div class=\"elementor-element elementor-element-72244ca elementor-widget elementor-widget-spacer\" data-id=\"72244ca\" data-element_type=\"widget\" data-widget_type=\"spacer.default\">\n\t\t\t\t<div class=\"elementor-widget-container\">\n\t\t\t\t\t\t\t<div class=\"elementor-spacer\">\n\t\t\t<div class=\"elementor-spacer-inner\"><\/div>\n\t\t<\/div>\n\t\t\t\t\t\t<\/div>\n\t\t\t\t<\/div>\n\t\t\t\t\t<\/div>\n\t\t<\/div>\n\t\t\t\t\t<\/div>\n\t\t<\/section>\n\t\t\t\t<section class=\"elementor-section elementor-top-section elementor-element elementor-element-53aef23 elementor-section-boxed elementor-section-height-default elementor-section-height-default\" data-id=\"53aef23\" data-element_type=\"section\">\n\t\t\t\t\t\t<div class=\"elementor-container elementor-column-gap-default\">\n\t\t\t\t\t<div class=\"elementor-column elementor-col-100 elementor-top-column elementor-element elementor-element-3f35e1f\" data-id=\"3f35e1f\" data-element_type=\"column\">\n\t\t\t<div class=\"elementor-widget-wrap elementor-element-populated\">\n\t\t\t\t\t\t<div class=\"elementor-element elementor-element-225b2be elementor-widget elementor-widget-text-editor\" data-id=\"225b2be\" data-element_type=\"widget\" data-widget_type=\"text-editor.default\">\n\t\t\t\t<div class=\"elementor-widget-container\">\n\t\t\t\t\t\t\t\t\t<p><b>Interpreta\u00e7\u00e3o: <br \/><\/b>Levi Duarte<\/p><p><b style=\"font-size: 14.000001px;\">Produ\u00e7\u00e3o:\u00a0<br \/><\/b>WeTumTum<\/p><p>\u00a0<\/p>\t\t\t\t\t\t\t\t<\/div>\n\t\t\t\t<\/div>\n\t\t\t\t\t<\/div>\n\t\t<\/div>\n\t\t\t\t\t<\/div>\n\t\t<\/section>\n\t\t\t\t<\/div>\n\t\t","protected":false},"excerpt":{"rendered":"<p>3 de maio 4 de maio P\u00fablico:Fam\u00edlias Dia:3 e 4 de Maio Dura\u00e7\u00e3o:Sess\u00f5es de 10&hellip;<\/p>\n","protected":false},"author":1,"featured_media":0,"parent":0,"menu_order":0,"comment_status":"closed","ping_status":"closed","template":"","meta":{"footnotes":""},"class_list":["post-7226","page","type-page","status-publish","hentry"],"_links":{"self":[{"href":"https:\/\/wetumtum.pt\/festivalpapagaio\/wp-json\/wp\/v2\/pages\/7226","targetHints":{"allow":["GET"]}}],"collection":[{"href":"https:\/\/wetumtum.pt\/festivalpapagaio\/wp-json\/wp\/v2\/pages"}],"about":[{"href":"https:\/\/wetumtum.pt\/festivalpapagaio\/wp-json\/wp\/v2\/types\/page"}],"author":[{"embeddable":true,"href":"https:\/\/wetumtum.pt\/festivalpapagaio\/wp-json\/wp\/v2\/users\/1"}],"replies":[{"embeddable":true,"href":"https:\/\/wetumtum.pt\/festivalpapagaio\/wp-json\/wp\/v2\/comments?post=7226"}],"version-history":[{"count":22,"href":"https:\/\/wetumtum.pt\/festivalpapagaio\/wp-json\/wp\/v2\/pages\/7226\/revisions"}],"predecessor-version":[{"id":7768,"href":"https:\/\/wetumtum.pt\/festivalpapagaio\/wp-json\/wp\/v2\/pages\/7226\/revisions\/7768"}],"wp:attachment":[{"href":"https:\/\/wetumtum.pt\/festivalpapagaio\/wp-json\/wp\/v2\/media?parent=7226"}],"curies":[{"name":"wp","href":"https:\/\/api.w.org\/{rel}","templated":true}]}}